{"id":2,"date":"2015-09-03T17:18:58","date_gmt":"2015-09-03T17:18:58","guid":{"rendered":"http:\/\/bello-ade.bplaced.net\/?page_id=2"},"modified":"2019-04-25T18:49:44","modified_gmt":"2019-04-25T18:49:44","slug":"sample-page","status":"publish","type":"page","link":"https:\/\/bello-ade-in-park-und-see.de\/","title":{"rendered":"Home"},"content":{"rendered":"<p>Wir engagieren uns f\u00fcr:<\/p>\n<ul>\n<li>den Vorrang von Menschen im \u00f6ffentlichen Raum vor Hunden.<\/li>\n<li>ein Mitnahmeverbot von Hunden auf den Uferwegen der Berliner Gew\u00e4sser.<\/li>\n<li>Parks, die von kleinen und gro\u00dfen Menschen genutzt werden k\u00f6nnen und nicht als Hundeauslaufgebiete missbraucht werden.<\/li>\n<li>W\u00e4lder und Seen, die Erholungsm\u00f6glichkeiten f\u00fcr Klein und Gro\u00df bieten, und gleichzeitig f\u00fcr Landschaftsschutz, Schutz von Wildtieren, Pflanzen, Wald und Wasser.<\/li>\n<\/ul>\n<p>Wer mitmachen m\u00f6chte, ist herzlich eingeladen!<br \/>\n<script type=\"text\/javascript\">\/\/ <![CDATA[\nvar erst  = \"Kontakt: <a href='mai\"; var zweit = \"lto:bello-ade-in-park-und-see@gm\"; var dritt =\"x.de'>bello-ade-in-park-und-see@g\";\nvar viert =\"mx.de<\/a>\";\nvar name = erst + zweit + dritt+viert; \ndocument.write(name);\n\/\/ ]]><\/script><\/p>\n","protected":false},"excerpt":{"rendered":"<p>Wir engagieren uns f\u00fcr: den Vorrang von Menschen im \u00f6ffentlichen Raum vor Hunden. ein Mitnahmeverbot von Hunden auf den Uferwegen der Berliner Gew\u00e4sser. Parks, die von kleinen und gro\u00dfen Menschen genutzt werden k\u00f6nnen und nicht als Hundeauslaufgebiete missbraucht werden. W\u00e4lder &hellip; <a href=\"https:\/\/bello-ade-in-park-und-see.de\/\">Weiterlesen <span class=\"meta-nav\">&rarr;<\/span><\/a><\/p>\n","protected":false},"author":3,"featured_media":0,"parent":0,"menu_order":0,"comment_status":"closed","ping_status":"open","template":"full-width-page.php","meta":{"footnotes":""},"class_list":["post-2","page","type-page","status-publish","hentry"],"_links":{"self":[{"href":"https:\/\/bello-ade-in-park-und-see.de\/index.php\/wp-json\/wp\/v2\/pages\/2","targetHints":{"allow":["GET"]}}],"collection":[{"href":"https:\/\/bello-ade-in-park-und-see.de\/index.php\/wp-json\/wp\/v2\/pages"}],"about":[{"href":"https:\/\/bello-ade-in-park-und-see.de\/index.php\/wp-json\/wp\/v2\/types\/page"}],"author":[{"embeddable":true,"href":"https:\/\/bello-ade-in-park-und-see.de\/index.php\/wp-json\/wp\/v2\/users\/3"}],"replies":[{"embeddable":true,"href":"https:\/\/bello-ade-in-park-und-see.de\/index.php\/wp-json\/wp\/v2\/comments?post=2"}],"version-history":[{"count":30,"href":"https:\/\/bello-ade-in-park-und-see.de\/index.php\/wp-json\/wp\/v2\/pages\/2\/revisions"}],"predecessor-version":[{"id":986,"href":"https:\/\/bello-ade-in-park-und-see.de\/index.php\/wp-json\/wp\/v2\/pages\/2\/revisions\/986"}],"wp:attachment":[{"href":"https:\/\/bello-ade-in-park-und-see.de\/index.php\/wp-json\/wp\/v2\/media?parent=2"}],"curies":[{"name":"wp","href":"https:\/\/api.w.org\/{rel}","templated":true}]}}